{"id":207,"date":"2026-02-28T10:29:34","date_gmt":"2026-02-28T09:29:34","guid":{"rendered":"https:\/\/www.bludovicenj.cz\/?page_id=207"},"modified":"2026-03-17T21:54:32","modified_gmt":"2026-03-17T20:54:32","slug":"historie","status":"publish","type":"page","link":"https:\/\/www.bludovicenj.cz\/index.php\/historie\/","title":{"rendered":"Historie"},"content":{"rendered":"\n<div style=\"height:100px\" aria-hidden=\"true\" class=\"wp-block-spacer\"><\/div>\n\n\n\n<h2 class=\"wp-block-heading has-text-color has-link-color wp-elements-0c04c576b2caa7f9200f28b7fbbc2d80\" style=\"color:#dc925a\">Bludovice maj\u00ed v\u00edce ne\u017e 700 let starou historii&#8230;<\/h2>\n\n\n\n<p><em>Vznik Bludovic spad\u00e1 nejsp\u00ed\u0161e do 13. stolet\u00ed, jejich jm\u00e9no upom\u00edn\u00e1 na Bluda z P\u0148ovic, kter\u00fd se n\u011bkolikr\u00e1t v letech 1278 a\u017e 1288 naz\u00fdv\u00e1 jako p\u00e1n na Ji\u010d\u00edn\u011b (&#8222;Gyczin&#8220;). Ale nen\u00ed vylou\u010deno, \u017ee jde o Tyczin v Hali\u010di. Inspir\u00e1torem zalo\u017een\u00ed vsi mohl b\u00fdt i jin\u00fd Blud, a to Blud z P\u0159\u00edbora, vnuk prvn\u00edho H\u00fcckeswagena, hrab\u011bte Arnolda. Od sv\u00fdch st\u0159edov\u011bk\u00fdch po\u010d\u00e1tk\u016f pat\u0159ila ves k ji\u010d\u00ednsk\u00e9mu panstv\u00ed, kter\u00e9 se v roce 1558 rozd\u011blilo na statek staro a novoji\u010d\u00ednsk\u00fd, k onomu pak ves pat\u0159ila a\u017e do z\u00e1niku feudalismu.<\/em><\/p>\n\n\n\n<div class=\"wp-block-columns has-background is-layout-flex wp-container-core-columns-is-layout-28f84493 wp-block-columns-is-layout-flex\" style=\"background-color:#f3e8dfd4\">\n<div class=\"wp-block-column is-layout-flow wp-block-column-is-layout-flow\">\n<p class=\"has-ast-global-color-8-color has-text-color has-background has-link-color wp-elements-12eb4d1456159c985a180b6473872e27\" style=\"background-color:#f2ede4ba;font-size:23px\"><strong>BLUDOVICK\u00c9 FOJTSTV\u00cd<\/strong><\/p>\n\n\n\n<p>Prvn\u00edm fojtem v Bludovic\u00edch byl jako obvykle lok\u00e1tor vsi. Bludovick\u00e9 fojtstv\u00ed bylo pozemkov\u011b vybaveno nadm\u00edru \u0161t\u011bd\u0159e. Krom\u011b ml\u00fdna a l\u00e1nu role hned za humny mu pat\u0159ily je\u0161t\u011b dv\u011b role Na Holecku a Na Homoli. Podle urb\u00e1\u0159e z r. 1558 odv\u00e1d\u011bl bludovick\u00fd fojt ze z\u00e1kupn\u00e9ho fojtstv\u00ed o sv. Ji\u0159\u00ed 60 gro\u0161\u016f a 3 den\u00e1ry a o sv. V\u00e1clavu stejn\u00fd obnos. Kdy\u017e byla rychta prod\u00e1v\u00e1na, d\u00e1val fojt vrchnosti aufank; z ka\u017ed\u00e9ho sto gro\u0161\u016f prodejn\u00ed ceny deset gro\u0161\u016f. O V\u00e1noc\u00edch platil fojt vrchnosti za dva zaj\u00edce 5 gro\u0161\u016f a 1 den\u00e1r, snad to byl poplatek za to, \u017ee si je sm\u011bl s\u00e1m lapit nebo tak\u00e9 pen\u011b\u017en\u00ed n\u00e1hrada za povinnost tyto zaj\u00edce ulovit a odv\u00e9st do kuchyn\u011b novoji\u010d\u00ednsk\u00e9ho p\u00e1na. Vrchnosti d\u00e1le odv\u00e1d\u011bl 12 m\u011b\u0159ic ovsa.<\/p>\n\n\n\n<p><\/p>\n<\/div>\n\n\n\n<div class=\"wp-block-column is-layout-flow wp-block-column-is-layout-flow\">\n<figure class=\"wp-block-image size-full\"><img fetchpriority=\"high\" decoding=\"async\" width=\"536\" height=\"351\" src=\"https:\/\/www.bludovicenj.cz\/wp-content\/uploads\/2026\/02\/restaurace-Babsch-bludovice.jpg\" alt=\"\" class=\"wp-image-254\" srcset=\"https:\/\/www.bludovicenj.cz\/wp-content\/uploads\/2026\/02\/restaurace-Babsch-bludovice.jpg 536w, https:\/\/www.bludovicenj.cz\/wp-content\/uploads\/2026\/02\/restaurace-Babsch-bludovice-300x196.jpg 300w\" sizes=\"(max-width: 536px) 100vw, 536px\" \/><\/figure>\n<\/div>\n<\/div>\n\n\n\n<p class=\"has-background\" style=\"background-color:#f3e8dfd4;padding-right:var(--wp--preset--spacing--60);padding-left:var(--wp--preset--spacing--60)\">Vedle povinnost\u00ed m\u011bl fojt i v\u00fdsady. Podle seznamu robotuj\u00edc\u00edch poddan\u00fdch novoji\u010d\u00ednsk\u00e9ho panstv\u00ed, sestaven\u00e9ho novoji\u010d\u00ednsk\u00fdm hejtmanem Georgem Czinglerem v roce 1703, byl bludovick\u00fd fojt osvobozen od robot, krom\u011b tzv. vinn\u00e9 f\u016fry &#8211; tj. povinn\u00e9ho dovozu dvou sud\u016f v\u00edna ro\u010dn\u011b pro vrchnost. Bludovick\u00fd fojt m\u011bl podobn\u011b jako fojt v Bernartic\u00edch tak\u00e9 sv\u00e9ho sedl\u00e1ka, p\u0159esn\u011bji zahradn\u00edka. Sed\u011bl na zahradnick\u00e9 usedlosti s dne\u0161n\u00edm \u010dp. 28. Jeliko\u017e mu v\u0161ak fojt ukl\u00e1dal \u010d\u00edm d\u00e1l t\u00edm v\u00edce robot, bylo mezi n\u00edm a fojtem uzav\u0159eno 4. \u010dervence 1735 narovn\u00e1n\u00ed, dle n\u011bho\u017e m\u011bl robotovat fojtovi jen p\u011bt dn\u016f v roce za p\u0159im\u011b\u0159enou odm\u011bnu. Mimo jin\u00e9 m\u011bl tak\u00e9 za povinnost v \u010dase svatomartinsk\u00e9ho posv\u00edcen\u00ed \u010di na velk\u00fdch svatb\u00e1ch, kdy\u017e bylo na rycht\u011b mnoho host\u00ed, pom\u00e1hat rozn\u00e1\u0161et pivo a obsluhovat hosty. Tato zm\u00ednka je z\u00e1rove\u0148 dokladem k dal\u0161\u00ed v\u00fdsad\u011b rycht\u00e1\u0159\u016f, j\u00ed\u017e bylo opr\u00e1vn\u011bn\u00ed \u0161enkovat alkoholick\u00e9 n\u00e1poje, kter\u00e9 ov\u0161em byli povinni odeb\u00edrat pouze od vrchnosti.<br><br>Bludovick\u00e1 rychta je spojena s rodem Neisser\u016f, kte\u0159\u00ed se tu udr\u017eeli od 16. a\u017e do 20. stolet\u00ed. Prvn\u00ed jm\u00e9nem zn\u00e1m\u00fd bludovick\u00fd fojt je Nykl, kter\u00fd se uv\u00e1d\u00ed v r. 1516 v rejst\u0159\u00edku bern\u011b olomouck\u00e9ho kraje. Podle jm\u00e9na se ned\u00e1 uhodnout, zda pat\u0159il do roku Neisser\u016f nebo ne. S jistotou se v\u0161ak d\u00e1 tvrdit, \u017ee dal\u0161\u00ed bludovick\u00fd fojt uveden\u00fd v urb\u00e1\u0159i novoji\u010d\u00ednsk\u00e9ho panstv\u00ed z roku 1558 k Neisser\u016fm pat\u0159il. Jeho jm\u00e9no v urb\u00e1\u0159i sice nen\u00ed uvedeno, ale nasv\u011bd\u010duje tomu jm\u00e9no bludovick\u00e9ho mlyn\u00e1\u0159e \u0160t\u011bp\u00e1nka. Dne 7. ledna 1595 si dal do novoji\u010d\u00ednsk\u00fdch m\u011bstsk\u00fdch knih zapsat svou posledn\u00ed v\u016fli Faltyn Neisser &#8222;star\u00fd fojt Bludovick\u00fd&#8220;. Uv\u00e1d\u00ed se tu mimo jin\u00e9, \u017ee v roce 1576 v p\u0159\u00edtomnosti sv\u00fdch syn\u016f Tomana, \u0160tefana a Pavla odk\u00e1zal bludovick\u00e9 fojtstv\u00ed sv\u00e9mu synovi Ji\u0159\u00edkovi Neisserovi u p\u0159\u00edle\u017eitosti Ji\u0159\u00edkovy svatby s Ludmilou, dcerou Bartla Kuntschera z \u0160enova, a v roce 1585 Faltyn t\u00e9mu\u017e Ji\u0159\u00edkovi toto fojtstv\u00ed &#8222;post\u00fapil a mocn\u011b odevzdal&#8220;.<br>Jm\u00e9no Faltynova syna \u0160tefana n\u00e1s nav\u00e1d\u00ed k mlyn\u00e1\u0159i \u0160t\u011bp\u00e1nkovi. To, \u017ee by k bludovick\u00e9 rycht\u011b pat\u0159il ml\u00fdn, sice nem\u00e1me p\u0159\u00edmo dolo\u017eeno, ale vzhledem k obvyklosti tohoto jevu u stovek dal\u0161\u00edch fojtstv\u00ed to m\u016f\u017eeme p\u0159edpokl\u00e1dat. V Bludovic\u00edch \u0161lo o tzv. Ml\u00fdn doln\u00ed (Niederm\u00fchle, \u010dp. 52). \u0160lo o nejstar\u0161\u00ed z t\u0159\u00ed bludovick\u00fdch ml\u00fdn\u016f, kter\u00fd podle v\u0161ech n\u00e1znak\u016f pat\u0159il p\u016fvodn\u011b k rycht\u011b. Tomu nasv\u011bd\u010duje i to, \u017ee a\u017e do po\u010d\u00e1tku 18. stolet\u00ed pat\u0159il rodu Neisser\u016f. Dle prvn\u00ed zn\u00e1m\u00e9 kupn\u00ed smlouvy z r. 1616 koupil ml\u00fdn za 500 zlat\u00fdch Martin Neysar, mlad\u0161\u00ed po nebo\u017et\u00edku \u0160tefku Neysarovi &#8222;od foita a od star\u0161\u00edch i od p\u0159\u00e1tel a brat\u0159\u00ed sv\u00fdch&#8220;. O \u0160tefkovi je mo\u017eno se domn\u00edvat, \u017ee byl toto\u017en\u00fd s ji\u017e zmi\u0148ovan\u00fdm synem fojta Faltyna \u0160tefanem.<br>Prvn\u00ed zachovan\u00e1 kupn\u00ed smlouva na bludovickou rychtu poch\u00e1z\u00ed a\u017e z roku 1622. M\u011bla ov\u0161em tu sm\u016flu, \u017ee byla zaps\u00e1na v gruntovn\u00ed knize hned na prvn\u00edm listu, kter\u00fd byl nejv\u00edc na r\u00e1n\u011b, tak\u017ee vlivem ne\u0161etrn\u00e9ho zach\u00e1zen\u00ed a v\u0161udyp\u0159\u00edtomn\u00e9ho zubu \u010dasu byl tak\u0159ka z poloviny zni\u010den. Dov\u00edd\u00e1me se tak, \u017ee fojtstv\u00ed bylo prod\u00e1no v roce 1622 a \u017ee se tak stalo v \u00fater\u00fd p\u0159ed jak\u00fdmsi sv\u00e1tkem. Jm\u00e9no kupce bylo na t\u00e9 zni\u010den\u00e9 polovin\u011b listu. Na\u0161t\u011bst\u00ed ho zn\u00e1me z pozd\u011bj\u0161\u00edch z\u00e1pis\u016f, kdy za rychtu pokl\u00e1dal gruntovn\u00ed pen\u00edze. Jmenoval se Moc (= Mat\u011bj \u010di Mates) Hans. Do rukou Neisser\u016f se bludovick\u00e9 fojtstv\u00ed vr\u00e1tilo znovu v roce 1637, kdy je koupil od Mat\u011bje Hanse ve\u0159ovick\u00fd fojt Mat\u011bj Neisser. Asi \u0161lo o mlad\u0161\u00edho bratra p\u0159edchoz\u00edho Neissera, fojta Martina. Ten zem\u0159el kolem roku 1616 a z\u016fstal po n\u011bm sirotek Mates. Nebylo nic neobvykl\u00e9ho na tom, \u017ee mlad\u0161\u00ed synov\u00e9 fojt\u016f se zakupovali na fojtstv\u00edch v bl\u00edzk\u00e9m \u010di vzd\u00e1len\u011bj\u0161\u00edm okol\u00ed nebo si brali fojtovsk\u00e9 dcery nebo vdovy po fojtech. Neiserov\u00e9 nebyli \u017e\u00e1dnou v\u00fdjimkou.<br>K fojtstv\u00ed p\u0159idal Mat\u011bj Hans nov\u00e9mu fojtovi &#8222;<em>&#8230;3 kon\u011b, 1 vuoz, 2 pluhi z \u017eelezi, 2 p\u00e1ry bran, 5 rohat\u00e9ho dobitka.<\/em> <em>Item p\u016fl\u010dtvrta \u0161ilinka ovec, tolik\u00e9\u017e oset\u00ed na poli&#8230;<\/em>&#8220; Jedin\u011b tato kupn\u00ed smlouva z r. 1637 je ps\u00e1na \u010desky, krom\u011b z\u00e1v\u011bti fojta Foltyna Neisera z r. 1595 v novoji\u010d\u00ednsk\u00e9 m\u011bstsk\u00e9 knize byly v\u0161echny ostatn\u00ed smlouvy zaps\u00e1ny n\u011bmecky. V n\u00e1rodnostn\u011b sm\u00ed\u0161en\u00fdch Bludovic\u00edch vzhledem k bl\u00edzkosti n\u011bmeck\u00e9ho Nov\u00e9ho Ji\u010d\u00edna se \u010desk\u00fd fojt nemohl udr\u017eet. V 16. stolet\u00ed ovl\u00e1dali Neisserov\u00e9 nejsp\u00ed\u0161e oba jazyky, ale v 17. stolet\u00ed p\u0159ev\u00e1\u017eila n\u011bm\u010dina a tak\u00e9 Bludovice se pon\u011bm\u010dily. D\u011bjiny d\u011bdi\u010dn\u00e9ho fojtstv\u00ed se uzav\u0159ely v roce 1850, kdy se zru\u0161en\u00edm poddanstv\u00ed vzala za sv\u00e9 i jeho privilegia.<br><br>Tom\u00e1\u0161 Baletka<br>Zdroj:&nbsp; Novoji\u010d\u00ednsk\u00fd zpravodaj&nbsp;srpen 2002<\/p>\n\n\n\n<div style=\"height:65px\" aria-hidden=\"true\" class=\"wp-block-spacer\"><\/div>\n\n\n\n<p class=\"has-text-align-center has-text-color has-link-color has-medium-font-size wp-elements-e9db58d3c62aa81d004865d4293a4528\" style=\"color:#dc925a\">P\u0158EDKOV\u00c9 FRANTI\u0160KA PALACK\u00c9HO<\/p>\n\n\n\n<p>Rod Palack\u00fdch pat\u0159il&nbsp;k&nbsp;z\u00e1mo\u017en\u011bj\u0161\u00edm sedl\u00e1k\u016fm v Bludovic\u00edch, kde ji\u017e koncem 16. stolet\u00ed hospoda\u0159ili na usedlosti \u010d. p. 2. Podle rodokmenu historika Franti\u0161ka Palack\u00e9ho, zpracovan\u00e9ho pracovn\u00edky Zemsk\u00e9ho archivu v&nbsp;Opav\u011b, se v Bludovic\u00edch narodil dne 12.1.1658 Mates Palack\u00fd (zem\u0159el 25. 1.1729 v&nbsp;Hodslavic\u00edch). O\u017eenil se v&nbsp;roce 1684 s&nbsp;Rozinou Tomanovou (nar. 8. 2. 1666), dcerou Jury, z\u00e1kupn\u00edho fojta v&nbsp;Hodslavic\u00edch. Jeho \u017eena Rozina zem\u0159ela 11. 12. 1739. M\u011bli spolu celkem jeden\u00e1ct d\u011bt\u00ed. Syn Jura Palack\u00fd, domk\u00e1\u0159 (1707-1785), byl prad\u011bdem Franti\u0161ka Palack\u00e9ho a&nbsp;syn Martin (17. 10. 1686\u201331. 3. 1764) se stal v Hodslavic\u00edch fojtem.&nbsp; Zdroj: <a>Hrady.cz<\/a><\/p>\n\n\n\n<div style=\"height:65px\" aria-hidden=\"true\" class=\"wp-block-spacer\"><\/div>\n\n\n\n<p class=\"has-text-align-center has-text-color has-link-color has-medium-font-size wp-elements-fd44ebf9f7c2a61380dffdfab804f92b\" style=\"color:#dc925a\">M\u00cdSTN\u00cd P\u0158\u00cdJMEN\u00cd<\/p>\n\n\n\n<p>Z historick\u00fdch zdroj\u016f je patrn\u00e9, \u017ee p\u0159\u00edjmen\u00ed&nbsp;jako Palack\u00fd, \u010c\u00edp, Barto\u0148, Merenda, K\u0159i\u017ean, Janek, Kud\u011blka, Hrom\u00e1dka apod., jsou v na\u0161\u00ed a okoln\u00edch obc\u00edch zaznamen\u00e1na ji\u017e v&nbsp;16.&nbsp;stolet\u00ed a p\u0159e\u017eila i n\u011bkolikasetlet\u00e9 pon\u011bm\u010den\u00ed m\u00edstn\u00edho obyvatelstva.<\/p>\n\n\n\n<p>\u200b<\/p>\n\n\n\n<p class=\"has-text-align-center has-text-color has-link-color has-medium-font-size wp-elements-e906095eba40ed69ecebac8c3f2ef2dc\" style=\"color:#dc925a\">STAR\u00dd KATASTR<\/p>\n\n\n\n<figure class=\"wp-block-image aligncenter size-full\"><img decoding=\"async\" width=\"644\" height=\"783\" src=\"https:\/\/www.bludovicenj.cz\/wp-content\/uploads\/2026\/02\/blauendorf-stary-katastr.png\" alt=\"\" class=\"wp-image-251\" srcset=\"https:\/\/www.bludovicenj.cz\/wp-content\/uploads\/2026\/02\/blauendorf-stary-katastr.png 644w, https:\/\/www.bludovicenj.cz\/wp-content\/uploads\/2026\/02\/blauendorf-stary-katastr-247x300.png 247w\" sizes=\"(max-width: 644px) 100vw, 644px\" \/><\/figure>\n\n\n\n<div data-wp-context=\"{ &quot;autoclose&quot;: false, &quot;accordionItems&quot;: [] }\" data-wp-interactive=\"core\/accordion\" role=\"group\" class=\"wp-block-accordion is-layout-flow wp-block-accordion-is-layout-flow\">\n<div data-wp-class--is-open=\"state.isOpen\" data-wp-context=\"{ &quot;id&quot;: &quot;accordion-item-1&quot;, &quot;openByDefault&quot;: false }\" data-wp-init=\"callbacks.initAccordionItems\" data-wp-on-window--hashchange=\"callbacks.hashChange\" class=\"wp-block-accordion-item is-layout-flow wp-block-accordion-item-is-layout-flow\">\n<h3 class=\"wp-block-accordion-heading\"><button aria-expanded=\"false\" aria-controls=\"accordion-item-1-panel\" data-wp-bind--aria-expanded=\"state.isOpen\" data-wp-on--click=\"actions.toggle\" data-wp-on--keydown=\"actions.handleKeyDown\" id=\"accordion-item-1\" type=\"button\" class=\"wp-block-accordion-heading__toggle\"><span class=\"wp-block-accordion-heading__toggle-title\">Z\u00e1pis z r. 1898<\/span><span class=\"wp-block-accordion-heading__toggle-icon\" aria-hidden=\"true\">+<\/span><\/button><\/h3>\n\n\n\n<div inert aria-labelledby=\"accordion-item-1\" data-wp-bind--inert=\"!state.isOpen\" id=\"accordion-item-1-panel\" role=\"region\" class=\"wp-block-accordion-panel is-layout-flow wp-block-accordion-panel-is-layout-flow\">\n<p>\u00datuln\u00e1 ves tato le\u017e\u00ed \u010dtvrt hodiny cesty ji\u017en\u011b od Nov\u00e9ho Ji\u010d\u00edna p\u0159i okresn\u00ed silnici pod\u00e9l potoka Zrz\u00e1vky, druhdy \u201c\u017dravka\u201d zvan\u00e9ho. Maj\u00edc 5,98 km2 rozlohy, \u010d\u00edtala r. 1890: 69 dom\u016f, 568 obyv. n\u011bmec. (555 katol\u00edk\u016f, 3 protestanty). Za na\u0161ich dn\u016f (rozum\u011bj r. 1898) \u017eije v d\u011bdin\u011b n\u011bkolik \u010desk\u00fdch rodin d\u011blnick\u00fdch. Jsouc p\u0159ifa\u0159ena ku Nov. Ji\u010d\u00ednu m\u00e1 od r. 1889 sv\u016fj vlastn\u00ed h\u0159bitov, kde\u017eto d\u0159\u00edve zem\u0159el\u00ed na \u017eilinsk\u00e9m h\u0159bitov\u011b pochov\u00e1v\u00e1ni b\u00fdvali.<\/p>\n\n\n\n<p>Nej\u010deln\u011bj\u0161\u00ed staven\u00ed jsou: fojtstv\u00ed \u010d. 13, p\u0159i n\u011bm\u017e nal\u00e9zaj\u00ed se ve\u0159ejn\u00e9 l\u00e1zn\u011b, pak jednot\u0159\u00eddn\u00ed n\u011bmeck\u00e1 \u0161kola a kaple sv. Michala. V m\u00edst\u011b jest zast\u00e1vka odbo\u010dky severn\u00ed dr\u00e1hy c\u00edsa\u0159e Ferdinanda z Nov. Ji\u010d\u00edna do Hodslavic (na Domorac) vedouc\u00ed.<\/p>\n\n\n\n<p>Vesnice p\u0159\u00edslu\u0161\u00ed k obvodu c. k. po\u0161ty v Nov\u00e9m Ji\u010d\u00edn\u011b. Jest tu dobrovoln\u00fd hasi\u010dsk\u00fd sbor a Raiffeisenova z\u00e1lo\u017ena. V l\u00e9t\u011b b\u00fdv\u00e1 v osad\u011b 40-50 ciz\u00edch host\u00ed, ponejv\u00edce V\u00edde\u0148an\u016f na zotavenou. Obecn\u00ed p\u0159ir\u00e1\u017eka \u010din\u00ed 15%. V okol\u00ed nach\u00e1z\u00edme \u010detn\u00e9 nerosty, mezi nimi tak\u00e9 oliv\u00edn v pikritu; pak pyrit v kr\u00e1sn\u00fdch krystalech z v\u00e1pence a siderit. Krajina od fojtstv\u00ed ku ml\u00fdnu a hostinci \u010cer\u0165\u00e1ku, jen\u017e na v\u00fdchodn\u00edm svahu vrchu Svince stoj\u00ed, jest romantick\u00e1.<\/p>\n\n\n\n<p>Ves byla do konce 17. stolet\u00ed \u010desk\u00e1; obecn\u00ed knihy po \u010desku vedeny a\u017e do r. 1689. Trati poln\u00ed dosud sluj\u00ed: Sk\u00e1lenka, Semena, Vrchovina, Hole\u010dky, Homoly, Trok, Mittelerb.<\/p>\n\n\n\n<p>Bludovice, je\u017e zalo\u017eil nepochybn\u011b BLUD z P\u0147OVIC a na Star\u00e9m Ji\u010d\u00edn\u011b, jsou star\u00e1 osada v listin\u00e1ch ji\u017e r. 1302 p\u0159ipom\u00edn\u00e1na. Z po\u010d\u00e1tku byly p\u0159id\u011bleny ku farn\u00ed osad\u011b Star\u00e9mu Ji\u010d\u00ednu a far\u00e1\u0159 starojick\u00fd je\u0161t\u011b r. 1535 odtud dost\u00e1val 1\/2 h\u0159ivny st\u0159\u00edbra. Kdy Bludovice byly p\u0159ilou\u010deny ke zbo\u017e\u00ed \u0160trambersk\u00e9mu, nen\u00ed zn\u00e1mo; tak\u00e9 nelze ur\u010diti, kdy p\u0159ifa\u0159eny ku Nov\u00e9mu Ji\u010d\u00ednu. L\u00e9ta 1411 \u010d\u00edt\u00e1ny ji\u017e ke Star\u00e9mu \u0160tramberku, a Lacek st. z Krava\u0159 na Helf\u0161t\u00fdn\u011b i \u0160tramberku pustil jim t\u00e9 doby odmr\u0165. Pak od dr\u017eitel\u016f statku \u010dast\u011bji d\u00e1v\u00e1ny v z\u00e1stavu. Roku 1482 Bene\u0161 z Hustope\u010d pustil vesnice \u017dilina a Bludovice sv\u00e9mu bratru Mikul\u00e1\u0161i z Hustope\u010d na Byst\u0159ici za 7000 zl. uhersk\u00fdch.<\/p>\n\n\n\n<p>Za v\u00e1lky t\u0159icetilet\u00e9 \u010dast\u011bji byly pusto\u0161eny a zejm\u00e9na r. 1624 Pol\u00e1ky vyp\u00e1leny. Kdy\u017e Olomou\u010dt\u00ed Jesuit\u00e9 dr\u017eeli v l\u00e9tech 1624 &#8211; 1773 panstv\u00ed Novojicko-\u0160trambersk\u00e9, Bludovice \u010d\u00edtaly ke sklonku 17. stolet\u00ed: 17 sedl\u00e1k\u016f, 1 fojta, 2 zahradn\u00edky, kte\u0159\u00ed fojtovi robotovali, 13 domka\u0159\u016f, z nich\u017e 1 byl fojt\u016fv domka\u0159, a 3 mlyn\u00e1\u0159e bez pansk\u00e9 roboty. Platili kontribuci ze 4 l\u00e1n\u016fv a 2 a 3\/4 osmin. uv\u00e1d\u011bly ro\u010dn\u011b: ve 5 lh\u016ft\u00e1ch celkem 44 zl. 47 kr. 4 den\u00e1r; 44 kur nebo za 1 po 6kr.: 4 zl. 24 kr.; za vodu z potoka 1 zl.; 3 mlyn\u00e1\u0159i, \u017ee nekrm\u00ed prasata vrchnosti, 4 zl. 30 kr. Pozd\u011bji i vejce d\u00e1valy. Fojt dov\u00e1\u017eel panstv\u00ed v\u00edna ro\u010dn\u011b: 2 desetiv\u011bdrov\u00e9 be\u010dky; robotn\u00edci tolik\u00e9\u017e. Osadn\u00edci robotovali nejv\u00edce p\u0159i \u017eilinsk\u00e9m dvo\u0159e a jezd\u00edvali v zim\u011b do les\u016f pro pansk\u00e9 d\u0159\u00edv\u00ed, jako\u017e i dov\u00e1\u017eeli potraviny a r\u016fzn\u00e9 v\u011bci do olomouck\u00e9ho konviktu jesuitsk\u00e9ho.<\/p>\n\n\n\n<p>Za v\u00e1lek slezsk\u00fdch, je\u017e c\u00edsa\u0159ovna Marie Terezie vedla s v\u00fdbojn\u00fdm kr\u00e1lem prusk\u00fdm Bed\u0159ichem Velik\u00fdm, Bludovice n\u011bkolikr\u00e1te Pru\u0161\u00e1ky plen\u011bny. T\u00e9 doby obec i \u017eiveln\u00edmi pohromami trp\u011bla. L\u00e9ta 1772 byla velik\u00e1 ne\u00faroda, tak\u017ee vrchnost poddan\u00fdm vesnic\u00edm pen\u00edze na zakoupen\u00ed semena obiln\u00e9ho zap\u016fj\u010dila. Od toho \u010dasu brambory \u010dili kobzole u n\u00e1s v\u0161eobecn\u011b se s\u00e1zej\u00ed. Roku 1790 d\u011bdina \u010d\u00edtala: 57 dom\u016f, 382 obyv.; r. 1816? 402 obyv.: r. 1834: 61 dom\u016f, 480 obyv.: r. 1851 175 obyv.; r. 1880: 69 dom\u016f, 563 obyv. <\/p>\n\n\n\n<p>Za c\u00edsa\u0159e Josefa II. (1780-90) vrchnos\u0165 vyjednala s obc\u00ed o z\u0159\u00edzen\u00ed samostatn\u00e9 n\u011bm. \u0161koly v m\u00edst\u011b, ale z\u00e1le\u017eitos\u0165 tato z nezn\u00e1m\u00fdch p\u0159\u00ed\u010din nebyla provedena.  Kdy\u017e pak r. 1795 v \u017dilin\u011b ve\u0159ejn\u00e1 n\u011bm. \u0161kola v \u017eivot ve\u0161la, bludovick\u00e9 d\u011bti od 6-9 let vyu\u010dov\u00e1ny doma, kde\u017eto potom nav\u0161t\u011bvovaly \u0161kolu \u017eilinskou. Co\u017e potrvalo do r. 1857, na\u010de\u017e v Bludovic\u00edch samostatn\u00e1 n\u011bm. \u0161kola z\u0159\u00edzena.<\/p>\n\n\n\n<p>V kv\u011btnu roku 1866 mnoho obil\u00ed a ovoce pomrzlo; koncem \u010dervence a po\u010d\u00e1tkem srpna t\u00e9ho\u017e roku nep\u0159\u00e1tel\u0161t\u00ed Prusov\u00e9 zde dleli. V srpnu 1880 rozvodn\u011bn\u00e1 Zrz\u00e1vka na luk\u00e1ch a zahrad\u00e1ch dosti \u0161kody zp\u016fsobila.<\/p>\n<\/div>\n<\/div>\n<\/div>\n\n\n\n<div data-wp-context=\"{ &quot;autoclose&quot;: false, &quot;accordionItems&quot;: [] }\" data-wp-interactive=\"core\/accordion\" role=\"group\" class=\"wp-block-accordion is-layout-flow wp-block-accordion-is-layout-flow\">\n<div data-wp-class--is-open=\"state.isOpen\" data-wp-context=\"{ &quot;id&quot;: &quot;accordion-item-2&quot;, &quot;openByDefault&quot;: false }\" data-wp-init=\"callbacks.initAccordionItems\" data-wp-on-window--hashchange=\"callbacks.hashChange\" class=\"wp-block-accordion-item is-layout-flow wp-block-accordion-item-is-layout-flow\">\n<h3 class=\"wp-block-accordion-heading\"><button aria-expanded=\"false\" aria-controls=\"accordion-item-2-panel\" data-wp-bind--aria-expanded=\"state.isOpen\" data-wp-on--click=\"actions.toggle\" data-wp-on--keydown=\"actions.handleKeyDown\" id=\"accordion-item-2\" type=\"button\" class=\"wp-block-accordion-heading__toggle\"><span class=\"wp-block-accordion-heading__toggle-title\">Chov v\u010del v Bludovic\u00edch v minul\u00fdch \u010dasech (Vyd\u00e1no v \u010dasopisu Vlastiv\u011bda ostravsk\u00e9ho kraje &#8211; Novojicko 2\/60 na str. 16)<\/span><span class=\"wp-block-accordion-heading__toggle-icon\" aria-hidden=\"true\">+<\/span><\/button><\/h3>\n\n\n\n<div inert aria-labelledby=\"accordion-item-2\" data-wp-bind--inert=\"!state.isOpen\" id=\"accordion-item-2-panel\" role=\"region\" class=\"wp-block-accordion-panel is-layout-flow wp-block-accordion-panel-is-layout-flow\">\n<p>V d\u0159\u00edv\u011bj\u0161\u00edch dob\u00e1ch v\u011bnovali zem\u011bd\u011blci chovu v\u010del v\u00edce pozornosti, ne\u017eli dnes. Bylo to tak\u00e9 od\u016fvodn\u011bno skute\u010dnost\u00ed, \u017ee med byl v minul\u00fdch stolet\u00edch vlastn\u011b jedin\u00fdm pou\u017e\u00edvan\u00fdm sladidlem. O chovu v\u010del v Bludovic\u00edch se dozv\u00edd\u00e1me ze star\u00e9 obecn\u00ed knihy n\u011bkter\u00e9 zaj\u00edmavosti, podle z\u00e1pis\u016f z prv\u00e9 poloviny 17. stolet\u00ed st\u00e1l roj v\u010del 5 zlat\u00fdch 15 gro\u0161\u016f. V z\u00e1znamech o d\u011bdinsk\u00fdch p\u0159evodech se na mnoha m\u00edstech uv\u00e1d\u00ed, \u017ee se d\u011btem odkazuj\u00ed \u00faly se v\u010delami, n\u011bkdy 8,9 nebo a\u017e 15 \u00fal\u016f. Byly to p\u0159irozen\u011b \u00faly vydlaban\u00e9 ve \u0161palc\u00edch z kmene strom\u016f, tzv. \u201ckl\u00e1ty\u201d. V\u010del\u00edny byly um\u00edst\u011bny mimo vesnici, nej\u010dast\u011bji na str\u00e1n\u00edch obr\u00e1cen\u00fdch ke slunci.; z nich jeden se p\u0159ipom\u00edn\u00e1 p\u0159i potoku pod kojet\u00ednsk\u00fdm lesem\u201d. V sou\u010dasn\u00e9 dob\u011b jsou um\u00edst\u011bny v\u010del\u00edny na doln\u00edm konci u potoka za h\u0159i\u0161t\u011bm.<\/p>\n<\/div>\n<\/div>\n<\/div>\n\n\n\n<div data-wp-context=\"{ &quot;autoclose&quot;: false, &quot;accordionItems&quot;: [] }\" data-wp-interactive=\"core\/accordion\" role=\"group\" class=\"wp-block-accordion is-layout-flow wp-block-accordion-is-layout-flow\">\n<div data-wp-class--is-open=\"state.isOpen\" data-wp-context=\"{ &quot;id&quot;: &quot;accordion-item-3&quot;, &quot;openByDefault&quot;: false }\" data-wp-init=\"callbacks.initAccordionItems\" data-wp-on-window--hashchange=\"callbacks.hashChange\" class=\"wp-block-accordion-item is-layout-flow wp-block-accordion-item-is-layout-flow\">\n<h3 class=\"wp-block-accordion-heading\"><button aria-expanded=\"false\" aria-controls=\"accordion-item-3-panel\" data-wp-bind--aria-expanded=\"state.isOpen\" data-wp-on--click=\"actions.toggle\" data-wp-on--keydown=\"actions.handleKeyDown\" id=\"accordion-item-3\" type=\"button\" class=\"wp-block-accordion-heading__toggle\"><span class=\"wp-block-accordion-heading__toggle-title\">Historick\u00fd m\u00edstopis okresu novojick\u00e9ho (Vyd\u00e1no v \u010dasopisu Vlastiv\u011bda otravsk\u00e9ho kraje &#8211; Novojicko 1\/60 &#8211; str. 12)<\/span><span class=\"wp-block-accordion-heading__toggle-icon\" aria-hidden=\"true\">+<\/span><\/button><\/h3>\n\n\n\n<div inert aria-labelledby=\"accordion-item-3\" data-wp-bind--inert=\"!state.isOpen\" id=\"accordion-item-3-panel\" role=\"region\" class=\"wp-block-accordion-panel is-layout-flow wp-block-accordion-panel-is-layout-flow\">\n<p>BLUDOVICE &#8211; n\u011bm. Blauendorf, ves na b\u00fdval\u00e9m panstv\u00ed novojick\u00e9m, fara Nov\u00fd Ji\u010d\u00edn.- R. 1302 psal se Blud z Bludovic. 1) K 1437 viz u Star\u00e9ho Ji\u010d\u00edna 1481-1524 u \u0160tramberka, 1558 u Nov\u00e9ho Ji\u010d\u00edna. R. 1624 ves byla vyp\u00e1lena Pol\u00e1ky. R. 1595 p\u0159ipom\u00edn\u00e1 se tu d\u011bdi\u010dn\u00e1 rychta. Bludovice se pon\u011bm\u010dily teprve koncem 17. stolet\u00ed 2) a pozemkov\u00e9 knihy byly vedeny do r. 1689 \u010desky. \u0160kola se jmenuje od r. 1789. R. 1914 609 obyvatel, 1930 85 dom\u016f a 447 n\u011bm. obyvatel\u016f, katastr 522 ha. Pozemkov\u00e9 knihy od r. 1572. CDM V, 137, 2) S4. sbor. 1958, 33<\/p>\n\n\n\n<p>I tato obec byla po odsunu n\u011bmeck\u00e9ho obyvatelstva os\u00eddlena \u010desk\u00fdm obyvatelstvem a nyn\u00ed m\u00e1 421 obyvatel. V roce 1950 zde bylo zalo\u017eeno JZD. V roce 1958 utrp\u011bla obec zna\u010dn\u011b povodn\u00ed. Bylo zni\u010deno n\u011bkolik obytn\u00fdch dom\u016f, str\u017eeny mosty a po\u0161kozena \u017eelezni\u010dn\u00ed tra\u0165 z N. Ji\u010d\u00edna do Hodslavic.<\/p>\n\n\n\n<p><\/p>\n<\/div>\n<\/div>\n<\/div>\n","protected":false},"excerpt":{"rendered":"<p>Bludovice maj\u00ed v\u00edce ne\u017e 700 let starou historii&#8230; Vznik Bludovic spad\u00e1 nejsp\u00ed\u0161e do 13. stolet\u00ed, jejich jm\u00e9no upom\u00edn\u00e1 na Bluda [&hellip;]<\/p>\n","protected":false},"author":2,"featured_media":0,"parent":0,"menu_order":0,"comment_status":"closed","ping_status":"closed","template":"","meta":{"site-sidebar-layout":"default","site-content-layout":"","ast-site-content-layout":"default","site-content-style":"default","site-sidebar-style":"default","ast-global-header-display":"","ast-banner-title-visibility":"","ast-main-header-display":"","ast-hfb-above-header-display":"","ast-hfb-below-header-display":"","ast-hfb-mobile-header-display":"","site-post-title":"disabled","ast-breadcrumbs-content":"","ast-featured-img":"","footer-sml-layout":"","ast-disable-related-posts":"","theme-transparent-header-meta":"","adv-header-id-meta":"","stick-header-meta":"","header-above-stick-meta":"","header-main-stick-meta":"","header-below-stick-meta":"","astra-migrate-meta-layouts":"default","ast-page-background-enabled":"default","ast-page-background-meta":{"desktop":{"background-color":"var(--ast-global-color-5)","background-image":"","background-repeat":"repeat","background-position":"center center","background-size":"auto","background-attachment":"scroll","background-type":"","background-media":"","overlay-type":"","overlay-color":"","overlay-opacity":"","overlay-gradient":""},"tablet":{"background-color":"","background-image":"","background-repeat":"repeat","background-position":"center center","background-size":"auto","background-attachment":"scroll","background-type":"","background-media":"","overlay-type":"","overlay-color":"","overlay-opacity":"","overlay-gradient":""},"mobile":{"background-color":"","background-image":"","background-repeat":"repeat","background-position":"center center","background-size":"auto","background-attachment":"scroll","background-type":"","background-media":"","overlay-type":"","overlay-color":"","overlay-opacity":"","overlay-gradient":""}},"ast-content-background-meta":{"desktop":{"background-color":"var(--ast-global-color-4)","background-image":"","background-repeat":"repeat","background-position":"center center","background-size":"auto","background-attachment":"scroll","background-type":"","background-media":"","overlay-type":"","overlay-color":"","overlay-opacity":"","overlay-gradient":""},"tablet":{"background-color":"var(--ast-global-color-4)","background-image":"","background-repeat":"repeat","background-position":"center center","background-size":"auto","background-attachment":"scroll","background-type":"","background-media":"","overlay-type":"","overlay-color":"","overlay-opacity":"","overlay-gradient":""},"mobile":{"background-color":"var(--ast-global-color-4)","background-image":"","background-repeat":"repeat","background-position":"center center","background-size":"auto","background-attachment":"scroll","background-type":"","background-media":"","overlay-type":"","overlay-color":"","overlay-opacity":"","overlay-gradient":""}},"footnotes":""},"class_list":["post-207","page","type-page","status-publish","hentry"],"_links":{"self":[{"href":"https:\/\/www.bludovicenj.cz\/index.php\/wp-json\/wp\/v2\/pages\/207","targetHints":{"allow":["GET"]}}],"collection":[{"href":"https:\/\/www.bludovicenj.cz\/index.php\/wp-json\/wp\/v2\/pages"}],"about":[{"href":"https:\/\/www.bludovicenj.cz\/index.php\/wp-json\/wp\/v2\/types\/page"}],"author":[{"embeddable":true,"href":"https:\/\/www.bludovicenj.cz\/index.php\/wp-json\/wp\/v2\/users\/2"}],"replies":[{"embeddable":true,"href":"https:\/\/www.bludovicenj.cz\/index.php\/wp-json\/wp\/v2\/comments?post=207"}],"version-history":[{"count":22,"href":"https:\/\/www.bludovicenj.cz\/index.php\/wp-json\/wp\/v2\/pages\/207\/revisions"}],"predecessor-version":[{"id":446,"href":"https:\/\/www.bludovicenj.cz\/index.php\/wp-json\/wp\/v2\/pages\/207\/revisions\/446"}],"wp:attachment":[{"href":"https:\/\/www.bludovicenj.cz\/index.php\/wp-json\/wp\/v2\/media?parent=207"}],"curies":[{"name":"wp","href":"https:\/\/api.w.org\/{rel}","templated":true}]}}